{"id":25,"date":"2022-01-07T12:13:02","date_gmt":"2022-01-07T11:13:02","guid":{"rendered":"http:\/\/compagnieaufildeleau.com\/?page_id=25"},"modified":"2025-03-25T10:35:12","modified_gmt":"2025-03-25T09:35:12","slug":"spectacles-musicaux","status":"publish","type":"page","link":"https:\/\/compagnieaufildeleau.com\/index.php\/spectacles-musicaux\/","title":{"rendered":"Spectacles musicaux"},"content":{"rendered":"\n<hr class=\"wp-block-separator has-alpha-channel-opacity is-style-wide\"\/>\n\n\n\n<div style=\"height:40px\" aria-hidden=\"true\" class=\"wp-block-spacer\"><\/div>\n\n\n\n<h2 class=\"has-text-align-center\" id=\"quandnoel\"><strong>Quand No\u00ebl s&#8217;emballe<\/strong><\/h2>\n\n\n\n<p class=\"has-text-align-center\">Spectacle musical inspir\u00e9 de<em> l&rsquo;Affaire No\u00ebl<\/em> de G\u00e9rard Moncomble<br>Cr\u00e9ation 2021<br>Dur\u00e9e : 40 minutes<br>Public : pour les enfants (\u00e0 partir de 3 ans) et les adultes qui les accompagnent<br>Direction artistique : Sylvia Auclair<br>Distribution : Sylvia Auclair, Rapha\u00ebl Illes, Olivier Ronfard<br>Sc\u00e9nographie : Isabelle Cagnard, Aude Vanhoutte<br>Mise en sc\u00e8ne : Olivier C\u00e9saro, Cyrielle Denante<\/p>\n\n\n\n<figure class=\"wp-block-image\"><img decoding=\"async\" src=\"http:\/\/compagnieaufildeleau.com\/wp-content\/uploads\/2022\/01\/trio-boules-2-2048x1365.jpg\" alt=\"\"\/><\/figure>\n\n\n\n<h3>Synopsis<\/h3>\n\n\n\n<p>Au d\u00e9but, No\u00ebl est simple comme bonjour.<br>Mais petit \u00e0 petit, les enfants r\u00e9clament de plus en plus de cadeaux. Le P\u00e8re No\u00ebl, soucieux de rendre les enfants heureux, met tout en \u0153uvre pour acc\u00e9der \u00e0 leurs d\u00e9sirs. Lutins, gnomes, mages et farfadets lui viennent en aide et cr\u00e9ent une merveilleuse machine \u00e0 No\u00ebl, pour le plus grand bonheur de tous.<br>Jusqu\u2019\u00e0 ce que tout s\u2019emballe&#8230;<br>Sur sc\u00e8ne, une conteuse chanteuse et deux musiciens racontent et jouent cette histoire, qui r\u00e9sonne aux oreilles des petits comme des grands.<br>Chaque personnage a sa chanson, chaque moment a sa musique, de l\u2019attente silencieuse des enfants la nuit de No\u00ebl, au joyeux bazar de l\u2019atelier des lutins.<br>Et la sc\u00e8ne se pare de mille couleurs, et m\u00eame plus. <\/p>\n\n\n\n<h3>Note d\u2019intention<\/h3>\n\n\n\n<p>Notre \u00e9poque porte en elle bien des contradictions. Si certains cherchent leur bonheur dans le toujours plus (vite, loin, grand&#8230;), d\u2019autres songent \u00e0 entrer dans une \u00e8re plus mesur\u00e9e, o\u00f9 la sobri\u00e9t\u00e9 et la lenteur seraient des vecteurs de lien, de joie, de prosp\u00e9rit\u00e9 collective.<br>No\u00ebl, cette f\u00eate o\u00f9 l\u2019on se retrouve pour partager la chaleur d\u2019un repas ou d\u2019un feu de chemin\u00e9e, n\u2019\u00e9chappe pas \u00e0 ces contradictions. On offre des cadeaux, aux enfants, \u00e0 la famille, aux amis aussi. Peut-\u00eatre bien que c\u2019est trop, peut-\u00eatre bien que ce n\u2019est pas tout \u00e0 fait n\u00e9cessaire et que ce n\u2019est vraiment pas cela qui compte. Mais on le fait quand m\u00eame, et on se berce d\u2019illusions jusqu\u2019\u00e0 en oublier l\u2019essentiel.<br>A la lecture de <em>L&rsquo;Affaire No\u00ebl<\/em>, livre \u00e9crit par G\u00e9rard Moncomble, illustr\u00e9 par Blexblolex, et \u00e9dit\u00e9 chez Nathan, on sent bien que la magie de No\u00ebl dispara\u00eet derri\u00e8re ces montagnes de cadeaux, mais on ne parvient pas \u00e0 arr\u00eater la machine, qui s\u2019emballe inexorablement. Et si cette histoire, ces mots, pouvaient nous r\u00e9v\u00e9ler l\u2019absurdit\u00e9 de cette accumulation mat\u00e9rielle, et nous donner la force de choisir une autre voie ! Celle o\u00f9 la magie de No\u00ebl, enfin, de la vie, serait v\u00e9hicul\u00e9e par le partage, la simplicit\u00e9, la relation \u00e0 l\u2019autre, le respect de notre plan\u00e8te.<br>Nous avons voulu jouer sur sc\u00e8ne cette histoire, tout en lui donnant un grain de folie, une pointe de f\u00e9\u00e9rie. Car \u00eatre sur sc\u00e8ne, c\u2019est partager avec le public un lien instantan\u00e9, unique. C\u2019est un cadeau \u00e0 double sens.<\/p>\n\n\n\n<h3>A propos de la musique<\/h3>\n\n\n\n<p>Dans le texte original, on entend d\u00e9j\u00e0 des sons, des silences, une texture sonore. Pour lui donner vie sur sc\u00e8ne, nous avons voulu que le chant et les instruments viennent ponctuer la narration.<br>Les chansons accompagnent le texte, tant\u00f4t pour l&rsquo;illustrer, tant\u00f4t pour donner la parole aux personnages, tant\u00f4t pour dilater le temps et laisser la place \u00e0 une \u00e9motion.<br>Avec une fl\u00fbte ou un saxophone, un accord\u00e9on, une guitare, et une multitude de percussions, la musique donne une force expressive au spectacle, une pointe d&rsquo;humour, une touche de po\u00e9sie.<br>Influenc\u00e9s par la chanson fran\u00e7aise mais aussi le jazz et la musique latine, les musiciens jouent avec les ambiances, et la musique change de couleur au fil du spectacle.<\/p>\n\n\n\n<h3>A propos de la sc\u00e9nographie<\/h3>\n\n\n\n<p>Un livre ouvert, d\u2019o\u00f9 sortent les branches d\u2019un arbre, d\u2019o\u00f9 sortent les mots.<br>Ce d\u00e9cor blanc, comme un origami de bois, \u00e9voque po\u00e9tiquement l\u2019hiver, la r\u00eaverie, l\u2019enfance. Lorsque l\u2019arbre se pare de boules color\u00e9es, le voil\u00e0 sapin de No\u00ebl. Lorsque ces boules deviennent blanches, voil\u00e0 qu\u2019il neige !<br>L\u2019accumulation inutile et fouillis de l\u2019histoire se retrouve sur sc\u00e8ne, avec ces boules de No\u00ebl toujours plus grosses et color\u00e9es qui viennent envahir l\u2019espace de jeu. Et le d\u00e9cor \u00e9volue au fil du spectacle, en passant d&rsquo;une ambiance \u00e0 l&rsquo;autre.<br>Plusieurs coffres abritent quelques surprises: des jouets musicaux, des outils sonores pour un atelier de lutins farfelu&#8230;<br>C\u2019est sous les doigts et l\u2019imagination d\u2019Isabelle Cagnard (construction) et d&rsquo;Aude Vanhoutte (d\u00e9coration) qu\u2019est n\u00e9e cette sc\u00e9nographie originale.<\/p>\n\n\n\n<div class=\"wp-block-media-text alignwide is-stacked-on-mobile is-vertically-aligned-center\" style=\"grid-template-columns:38% auto\"><figure class=\"wp-block-media-text__media\"><img decoding=\"async\" loading=\"lazy\" width=\"683\" height=\"1024\" src=\"http:\/\/compagnieaufildeleau.com\/wp-content\/uploads\/2022\/01\/1-boule-1-683x1024.jpg\" alt=\"\" class=\"wp-image-195 size-full\" srcset=\"https:\/\/compagnieaufildeleau.com\/wp-content\/uploads\/2022\/01\/1-boule-1-683x1024.jpg 683w, https:\/\/compagnieaufildeleau.com\/wp-content\/uploads\/2022\/01\/1-boule-1-200x300.jpg 200w, https:\/\/compagnieaufildeleau.com\/wp-content\/uploads\/2022\/01\/1-boule-1-768x1152.jpg 768w, https:\/\/compagnieaufildeleau.com\/wp-content\/uploads\/2022\/01\/1-boule-1-1024x1536.jpg 1024w, https:\/\/compagnieaufildeleau.com\/wp-content\/uploads\/2022\/01\/1-boule-1-1365x2048.jpg 1365w, https:\/\/compagnieaufildeleau.com\/wp-content\/uploads\/2022\/01\/1-boule-1-scaled.jpg 1707w\" sizes=\"(max-width: 683px) 100vw, 683px\" \/><\/figure><div class=\"wp-block-media-text__content\">\n<h3 class=\"has-text-align-left wp-block-heading has-text-color\" style=\"color:#000000\">Rencontre entre Sylvia Auclair et G\u00e9rard Moncomble<\/h3>\n\n\n\n<p>\u00ab\u00a0Je voulais \u00e9crire un spectacle sur No\u00ebl, mais je ne trouvais pas la porte d\u2019entr\u00e9e. J\u2019ai farfouill\u00e9, r\u00e9fl\u00e9chi, discut\u00e9, lu. Et un jour j\u2019ai \u00e9t\u00e9 saisie. <em>L&rsquo;Affaire No\u00ebl<\/em> m\u2019a saut\u00e9 aux yeux et aux oreilles. En parcourant le livre, j\u2019entendais d\u00e9j\u00e0 des sons, je voyais d\u00e9j\u00e0 une sc\u00e8ne et cette histoire y prendre vie. Cette joyeuse nuit de No\u00ebl, cette machine infernale pour tenter de cr\u00e9er une version mat\u00e9rielle du bonheur, ce lourd silence du P\u00e8re No\u00ebl en \u00ab burn out \u00bb, sa l\u00e9g\u00e8ret\u00e9 retrouv\u00e9e&#8230; Cette histoire avait du sens, et je voulais porter son message.<\/p>\n\n\n\n<p>Lorsque j&rsquo;ai contact\u00e9 G\u00e9rard Moncomble puis que nous nous sommes rencontr\u00e9s, il m\u2019a tout de suite encourag\u00e9e, sans \u00e9mettre de r\u00e9serve, avec un tel naturel que j\u2019ai su qu\u2019il fallait continuer dans cette voie. G\u00e9rard Moncomble manie les mots et les histoires avec une telle aisance, une telle pr\u00e9cision, que je n\u2019ai pas voulu y toucher. Le spectacle est donc une alternance de son texte, adapt\u00e9 \u00e0 la sc\u00e8ne, et de mes chansons. Moi conteuse et chanteuse, deux musiciens farceurs pour jouer de leurs instruments et manipuler le d\u00e9cor, voil\u00e0 la formule id\u00e9ale pour rendre hommage au texte original, en y ajoutant notre touche musicale et sc\u00e9nique.\u00a0\u00bb<\/p>\n\n\n\n<p>Sylvia Auclair<\/p>\n<\/div><\/div>\n\n\n\n<div style=\"height:42px\" aria-hidden=\"true\" class=\"wp-block-spacer\"><\/div>\n\n\n\n<div class=\"is-layout-flex wp-container-4 wp-block-columns\">\n<div class=\"is-layout-flow wp-block-column\">\n<figure class=\"wp-block-image aligncenter size-large\"><img decoding=\"async\" loading=\"lazy\" width=\"719\" height=\"1024\" src=\"http:\/\/compagnieaufildeleau.com\/wp-content\/uploads\/2023\/04\/IMG_5339-719x1024.jpg\" alt=\"\" class=\"wp-image-1266\" srcset=\"https:\/\/compagnieaufildeleau.com\/wp-content\/uploads\/2023\/04\/IMG_5339-719x1024.jpg 719w, https:\/\/compagnieaufildeleau.com\/wp-content\/uploads\/2023\/04\/IMG_5339-211x300.jpg 211w, https:\/\/compagnieaufildeleau.com\/wp-content\/uploads\/2023\/04\/IMG_5339-768x1094.jpg 768w, https:\/\/compagnieaufildeleau.com\/wp-content\/uploads\/2023\/04\/IMG_5339-1078x1536.jpg 1078w, https:\/\/compagnieaufildeleau.com\/wp-content\/uploads\/2023\/04\/IMG_5339-1438x2048.jpg 1438w, https:\/\/compagnieaufildeleau.com\/wp-content\/uploads\/2023\/04\/IMG_5339-scaled.jpg 1797w\" sizes=\"(max-width: 719px) 100vw, 719px\" \/><\/figure>\n<\/div>\n\n\n\n<div class=\"is-layout-flow wp-block-column\">\n<figure class=\"wp-block-image size-large\"><img decoding=\"async\" loading=\"lazy\" width=\"1024\" height=\"683\" src=\"http:\/\/compagnieaufildeleau.com\/wp-content\/uploads\/2023\/04\/miniature-video-VC-1024x683.jpg\" alt=\"\" class=\"wp-image-1265\" srcset=\"https:\/\/compagnieaufildeleau.com\/wp-content\/uploads\/2023\/04\/miniature-video-VC-1024x683.jpg 1024w, https:\/\/compagnieaufildeleau.com\/wp-content\/uploads\/2023\/04\/miniature-video-VC-300x200.jpg 300w, https:\/\/compagnieaufildeleau.com\/wp-content\/uploads\/2023\/04\/miniature-video-VC-768x512.jpg 768w, https:\/\/compagnieaufildeleau.com\/wp-content\/uploads\/2023\/04\/miniature-video-VC-1536x1024.jpg 1536w, https:\/\/compagnieaufildeleau.com\/wp-content\/uploads\/2023\/04\/miniature-video-VC-2048x1365.jpg 2048w\" sizes=\"(max-width: 1024px) 100vw, 1024px\" \/><\/figure>\n\n\n\n<figure class=\"wp-block-image size-large\"><img decoding=\"async\" loading=\"lazy\" width=\"1024\" height=\"683\" src=\"http:\/\/compagnieaufildeleau.com\/wp-content\/uploads\/2022\/01\/trio-boules-1-1024x683.jpg\" alt=\"\" class=\"wp-image-234\" srcset=\"https:\/\/compagnieaufildeleau.com\/wp-content\/uploads\/2022\/01\/trio-boules-1-1024x683.jpg 1024w, https:\/\/compagnieaufildeleau.com\/wp-content\/uploads\/2022\/01\/trio-boules-1-300x200.jpg 300w, https:\/\/compagnieaufildeleau.com\/wp-content\/uploads\/2022\/01\/trio-boules-1-768x512.jpg 768w, https:\/\/compagnieaufildeleau.com\/wp-content\/uploads\/2022\/01\/trio-boules-1-1536x1024.jpg 1536w, https:\/\/compagnieaufildeleau.com\/wp-content\/uploads\/2022\/01\/trio-boules-1-2048x1365.jpg 2048w\" sizes=\"(max-width: 1024px) 100vw, 1024px\" \/><\/figure>\n<\/div>\n\n\n\n<div class=\"is-layout-flow wp-block-column\">\n<figure class=\"wp-block-image size-large\"><img decoding=\"async\" loading=\"lazy\" width=\"683\" height=\"1024\" src=\"http:\/\/compagnieaufildeleau.com\/wp-content\/uploads\/2023\/04\/IMG_5429-683x1024.jpg\" alt=\"\" class=\"wp-image-1274\" srcset=\"https:\/\/compagnieaufildeleau.com\/wp-content\/uploads\/2023\/04\/IMG_5429-683x1024.jpg 683w, https:\/\/compagnieaufildeleau.com\/wp-content\/uploads\/2023\/04\/IMG_5429-200x300.jpg 200w, https:\/\/compagnieaufildeleau.com\/wp-content\/uploads\/2023\/04\/IMG_5429-768x1152.jpg 768w, https:\/\/compagnieaufildeleau.com\/wp-content\/uploads\/2023\/04\/IMG_5429-1024x1536.jpg 1024w, https:\/\/compagnieaufildeleau.com\/wp-content\/uploads\/2023\/04\/IMG_5429-1365x2048.jpg 1365w, https:\/\/compagnieaufildeleau.com\/wp-content\/uploads\/2023\/04\/IMG_5429-scaled.jpg 1707w\" sizes=\"(max-width: 683px) 100vw, 683px\" \/><\/figure>\n<\/div>\n<\/div>\n\n\n\n<div style=\"height:16px\" aria-hidden=\"true\" class=\"wp-block-spacer\"><\/div>\n\n\n\n<h3>Technique<\/h3>\n\n\n\n<p>\u2022 espace sc\u00e9nique minimum : 5m profondeur x 5m ouverture acc\u00e8s \u00e0 une prise de courant<br>\u2022 temps de montage : 2h30 \/ d\u00e9montage : 1h30<br>\u2022 possibilit\u00e9 de jouer dans un espace non d\u00e9di\u00e9 au spectacle (pr\u00e9au ou salle de motricit\u00e9 d&rsquo;une \u00e9cole, grande salle de r\u00e9union&#8230;), dans un endroit dont l&rsquo;acoustique est favorable, et en int\u00e9rieur.<br>\u2022 disposition en frontal (public assis en face de la sc\u00e8ne)<br>\u2022 jauge public: 100 enfants maximum<br>\u2022 pour les \u00e9coles : 1 repr\u00e9sentation pour 4 classes maximum (nous privil\u00e9gions les petites jauges, quitte \u00e0 jouer 2 fois)<\/p>\n\n\n\n<h3>Action culturelle<\/h3>\n\n\n\n<p>\u2022 intervention possible aupr\u00e8s des enfants, avant ou apr\u00e8s la repr\u00e9sentation<br>\u2022 pr\u00e9voir un espace d\u00e9di\u00e9 \u00e0 la pratique collective<br>\u2022 dur\u00e9e de l\u2019atelier: 1 heure (\u00e0 voir au cas par cas)<br>\u2022 groupe de 25 enfants maximum (1 classe)<br>\u2022 pratique vocale et\/ou instrumentale (petites percussions), en lien avec le spectacle<br>\u2022 conditions et d\u00e9tails \u00e0 voir en amont, possibilit\u00e9 d\u2019adapter selon le contexte d\u2019intervention<br>\u2022 possibilit\u00e9 d\u2019organiser un bord plateau \u00e0 l\u2019issue de la repr\u00e9sentation pour \u00e9changer avec les artistes<\/p>\n\n\n\n<div style=\"height:29px\" aria-hidden=\"true\" class=\"wp-block-spacer\"><\/div>\n\n\n\n<p class=\"has-text-align-center\">\u00ab\u00a0Les enfants ont ador\u00e9, ils ont trouv\u00e9 \u00e7a dr\u00f4le, touchant, po\u00e9tique, diff\u00e9rent des autres spectacles qu&rsquo;ils ont l&rsquo;habitude de voir.\u00a0\u00bb<br>Musicienne intervenante, Conservatoire de Brignoles<\/p>\n\n\n\n<p class=\"has-text-align-center\">\u00ab\u00a0Nous avons pass\u00e9 un tr\u00e8s bon moment avec votre tr\u00e8s joli spectacle. \u00c7a fait du bien ! Les enfants ont appr\u00e9ci\u00e9.\u00a0\u00bb<br>Ecole Saint Exup\u00e9ry, Carqueiranne<\/p>\n\n\n\n<p class=\"has-text-align-center\">\u00ab\u00a0Tous les groupes \u00e9taient contents et les enseignants ravis.\u00a0\u00bb<br>Ecole du Bicentenaie, Le Val<\/p>\n\n\n\n<div style=\"height:26px\" aria-hidden=\"true\" class=\"wp-block-spacer\"><\/div>\n\n\n<div class=\"ast-oembed-container\" style=\"height: 100%;\"><iframe loading=\"lazy\" title=\"QUAND NO\u00cbL S&#039;EMBALLE - teaser\" width=\"500\" height=\"281\" src=\"https:\/\/www.youtube.com\/embed\/d7Xp3wmmXFI?feature=oembed\" frameborder=\"0\" allow=\"accelerometer; autoplay; clipboard-write; encrypted-media; gyroscope; picture-in-picture; web-share\" referrerpolicy=\"strict-origin-when-cross-origin\" allowfullscreen><\/iframe><\/div>\n\n\n\n<div style=\"height:26px\" aria-hidden=\"true\" class=\"wp-block-spacer\"><\/div>\n\n\n<div class=\"ast-oembed-container\" style=\"height: 100%;\"><iframe loading=\"lazy\" title=\"QUAND NOEL S&#039;EMBALLE - Extraits \u00e9cole\" width=\"500\" height=\"281\" src=\"https:\/\/www.youtube.com\/embed\/yXerUdZDGUI?feature=oembed\" frameborder=\"0\" allow=\"accelerometer; autoplay; clipboard-write; encrypted-media; gyroscope; picture-in-picture; web-share\" referrerpolicy=\"strict-origin-when-cross-origin\" allowfullscreen><\/iframe><\/div>\n\n\n\n<div style=\"height:35px\" aria-hidden=\"true\" class=\"wp-block-spacer\"><\/div>\n\n\n\n<h3>Dossier de pr\u00e9sentation du spectacle<\/h3>\n\n\n\n<div class=\"is-content-justification-center is-layout-flex wp-container-5 wp-block-buttons\">\n<div class=\"wp-block-button\"><a class=\"wp-block-button__link has-vivid-cyan-blue-background-color has-background wp-element-button\" href=\"https:\/\/drive.google.com\/file\/d\/1J6iwOAtx5hlNpNhsTmxaFTbBi8jaSVpi\/view?usp=sharing\" target=\"_blank\" rel=\"noreferrer noopener\">Dossier de pr\u00e9sentation du spectacle<\/a><\/div>\n<\/div>\n\n\n\n<div style=\"height:37px\" aria-hidden=\"true\" class=\"wp-block-spacer\"><\/div>\n\n\n\n<p><em>Vid\u00e9os r\u00e9alis\u00e9es au fort Gibron \u00e0 Correns en avril 2021<\/em><br><em>Images: Caroline Boghossian \/&nbsp;Son: Rapha\u00ebl Auclair \/&nbsp;Lumi\u00e8res: Laurent Sondag<\/em><br><em>Cr\u00e9dits photos: Caroline Boghossian<\/em><\/p>\n\n\n\n<div style=\"height:93px\" aria-hidden=\"true\" class=\"wp-block-spacer\"><\/div>\n\n\n\n<hr class=\"wp-block-separator has-alpha-channel-opacity is-style-wide\"\/>\n\n\n\n<h2 class=\"has-text-align-center\" id=\"unefenetresurlebresil\"><strong>Bleu Br\u00e9sil<\/strong><br>chansons br\u00e9siliennes d&rsquo;\u00e9cume et de sel<\/h2>\n\n\n\n<p class=\"has-text-align-center\">Un spectacle musical pour les jeunes oreilles<br>Cr\u00e9ation 2024<br> A partir de 4 ans<br>Dur\u00e9e: 45 minutes<br><br>Avec Sylvia Auclair et Andrea Caparros<br>Mise en sc\u00e8ne de St\u00e9phane Lefranc<\/p>\n\n\n\n<figure class=\"wp-block-image aligncenter size-large\"><img decoding=\"async\" loading=\"lazy\" width=\"1024\" height=\"684\" src=\"http:\/\/compagnieaufildeleau.com\/wp-content\/uploads\/2025\/03\/DSC02272-1024x684.jpg\" alt=\"\" class=\"wp-image-1418\" srcset=\"https:\/\/compagnieaufildeleau.com\/wp-content\/uploads\/2025\/03\/DSC02272-1024x684.jpg 1024w, https:\/\/compagnieaufildeleau.com\/wp-content\/uploads\/2025\/03\/DSC02272-300x200.jpg 300w, https:\/\/compagnieaufildeleau.com\/wp-content\/uploads\/2025\/03\/DSC02272-768x513.jpg 768w, https:\/\/compagnieaufildeleau.com\/wp-content\/uploads\/2025\/03\/DSC02272-1536x1026.jpg 1536w, https:\/\/compagnieaufildeleau.com\/wp-content\/uploads\/2025\/03\/DSC02272-2048x1368.jpg 2048w\" sizes=\"(max-width: 1024px) 100vw, 1024px\" \/><\/figure>\n\n\n\n<div style=\"height:35px\" aria-hidden=\"true\" class=\"wp-block-spacer\"><\/div>\n\n\n\n<h3>Distribution<\/h3>\n\n\n\n<p>Sylvia AUCLAIR: direction, compositions et adaptations, chant, guitare, cavaquinho, handpan, pandeiro<br>Andrea CAPARROS: chant, petites percussions (tambour d&rsquo;eau, surdo, agogo&#8230;), accord\u00e9on<br>St\u00e9phane LEFRANC: metteur en sc\u00e8ne<\/p>\n\n\n\n<div style=\"height:35px\" aria-hidden=\"true\" class=\"wp-block-spacer\"><\/div>\n\n\n\n<h3>Note d&rsquo;intention<\/h3>\n\n\n\n<p>Une passion vous submerge et vous ne savez pas pourquoi. Comment expliquer ce qui vient comme une vague et vous engloutit tout entier, jusqu&rsquo;\u00e0 vous transformer ? Est-ce l&rsquo;envo\u00fbtement d&rsquo;une cr\u00e9ature magique, d&rsquo;une sir\u00e8ne ? Est-ce un vestige d&rsquo;une ancienne vie? Qu&rsquo;importe ! <br>Les musiciennes Sylvia Auclair et Andrea Caparros se sont connues comme \u00e7a, par amour pour les musiques du Br\u00e9sil. Une passion qui ne peut pas s&rsquo;\u00e9teindre, car ce pays, si vaste, rec\u00e8le tant de myst\u00e8re, et sa musique tant de magie, qu&rsquo;une seule vie ne suffit pas pour en dessiner les contours ou en saisir l&rsquo;essence. On ne sait pas vraiment par quel bout l&rsquo;attraper, cette \u00ab musique br\u00e9silienne \u00bb. Elle est immense, par ses origines, son histoire, ses m\u00e9tissages, ses p\u00e9r\u00e9grinations. Alors on ne l&rsquo;attrape pas. On la touche du bout des doigts et de la voix, on la laisse se glisser dans nos oreilles, faire danser nos pieds et nous remplir de beaut\u00e9 et de joie.<br>Ce nouveau spectacle retrace des histoires de rencontres: avec le Br\u00e9sil et ses musiques, avec la mer qu&rsquo;il faut traverser pour y aller, avec des personnages r\u00e9els ou imaginaires. Entre cartes postales et chansons, le spectateur est invit\u00e9 \u00e0 plonger dans les souvenirs des deux musiciennes et traverser la mer le temps d&rsquo;un concert.<\/p>\n\n\n\n<div style=\"height:35px\" aria-hidden=\"true\" class=\"wp-block-spacer\"><\/div>\n\n\n\n<h3>Sur sc\u00e8ne<\/h3>\n\n\n\n<p>D&rsquo;abord un \u00e9cran blanc, des instruments, quelques coquillages. Puis deux musiciennes entrent sur sc\u00e8ne, qui font appara\u00eetre les premi\u00e8res images et r\u00e9sonner les premi\u00e8res notes de musique. <br>Andrea Caparros et Sylvia Auclair, toutes deux chanteuses et multi-instrumentistes, pr\u00e9sentent un concert de chansons \u00e9voquant la mer, dans les deux langues (fran\u00e7ais et portugais). On y entend des instruments traditionnels de la musique br\u00e9silienne (guitare, cavaquinho, pandeiro, accord\u00e9on) mais aussi des instruments qui viennent d&rsquo;ailleurs (tambour d&rsquo;eau, handpan).<br>Des histoires et des anecdotes, sous forme de cartes postales racont\u00e9es, viennent ponctuer les chansons pour accompagner le voyage. Tout du long du spectacle, pour donner de la force \u00e0 leur musique, elles s&rsquo;amusent \u00e0 projeter sur un \u00e9cran blanc, \u00e0 l&rsquo;aide d&rsquo;un r\u00e9troprojecteur, des images qui \u00e9voquent la mer, le Br\u00e9sil, la musique. Ainsi le spectateur peut plonger int\u00e9gralement dans l&rsquo;univers de Bleu Br\u00e9sil.<\/p>\n\n\n\n<figure class=\"wp-block-image aligncenter size-large\"><img decoding=\"async\" loading=\"lazy\" width=\"1024\" height=\"691\" src=\"http:\/\/compagnieaufildeleau.com\/wp-content\/uploads\/2025\/03\/DSC02141-1024x691.jpg\" alt=\"\" class=\"wp-image-1423\" srcset=\"https:\/\/compagnieaufildeleau.com\/wp-content\/uploads\/2025\/03\/DSC02141-1024x691.jpg 1024w, https:\/\/compagnieaufildeleau.com\/wp-content\/uploads\/2025\/03\/DSC02141-300x202.jpg 300w, https:\/\/compagnieaufildeleau.com\/wp-content\/uploads\/2025\/03\/DSC02141-768x518.jpg 768w, https:\/\/compagnieaufildeleau.com\/wp-content\/uploads\/2025\/03\/DSC02141-1536x1036.jpg 1536w, https:\/\/compagnieaufildeleau.com\/wp-content\/uploads\/2025\/03\/DSC02141-2048x1381.jpg 2048w\" sizes=\"(max-width: 1024px) 100vw, 1024px\" \/><\/figure>\n\n\n\n<div style=\"height:35px\" aria-hidden=\"true\" class=\"wp-block-spacer\"><\/div>\n\n\n\n<h3>La musique<\/h3>\n\n\n\n<p>Les chansons sont essentiellement des compositions originales de Sylvia Auclair, sur des rythmes traditionnels br\u00e9siliens tels que samba, forro, xote, ciranda. On entend aussi dans le spectacle quelques chansons de compositeurs br\u00e9siliens (Baden Powell, Dorival Caymmi) ou traditionnelles.<br>Musique \u00e0 danser, m\u00e9lodies rapides ou envo\u00fbtantes, il y en a pour tous les go\u00fbts!<\/p>\n\n\n\n<div class=\"is-nowrap is-layout-flex wp-container-6 wp-block-group alignwide\">\n<figure class=\"wp-block-image size-large\"><img decoding=\"async\" loading=\"lazy\" width=\"684\" height=\"1024\" src=\"http:\/\/compagnieaufildeleau.com\/wp-content\/uploads\/2025\/03\/DSC02153-684x1024.jpg\" alt=\"\" class=\"wp-image-1420\" srcset=\"https:\/\/compagnieaufildeleau.com\/wp-content\/uploads\/2025\/03\/DSC02153-684x1024.jpg 684w, https:\/\/compagnieaufildeleau.com\/wp-content\/uploads\/2025\/03\/DSC02153-200x300.jpg 200w, https:\/\/compagnieaufildeleau.com\/wp-content\/uploads\/2025\/03\/DSC02153-768x1150.jpg 768w, https:\/\/compagnieaufildeleau.com\/wp-content\/uploads\/2025\/03\/DSC02153-1026x1536.jpg 1026w, https:\/\/compagnieaufildeleau.com\/wp-content\/uploads\/2025\/03\/DSC02153-1368x2048.jpg 1368w, https:\/\/compagnieaufildeleau.com\/wp-content\/uploads\/2025\/03\/DSC02153-scaled.jpg 1710w\" sizes=\"(max-width: 684px) 100vw, 684px\" \/><\/figure>\n\n\n\n<figure class=\"wp-block-image size-large\"><img decoding=\"async\" loading=\"lazy\" width=\"1024\" height=\"693\" src=\"http:\/\/compagnieaufildeleau.com\/wp-content\/uploads\/2025\/03\/DSC02582-1024x693.jpg\" alt=\"\" class=\"wp-image-1421\" srcset=\"https:\/\/compagnieaufildeleau.com\/wp-content\/uploads\/2025\/03\/DSC02582-1024x693.jpg 1024w, https:\/\/compagnieaufildeleau.com\/wp-content\/uploads\/2025\/03\/DSC02582-300x203.jpg 300w, https:\/\/compagnieaufildeleau.com\/wp-content\/uploads\/2025\/03\/DSC02582-768x520.jpg 768w, https:\/\/compagnieaufildeleau.com\/wp-content\/uploads\/2025\/03\/DSC02582-1536x1040.jpg 1536w, https:\/\/compagnieaufildeleau.com\/wp-content\/uploads\/2025\/03\/DSC02582-2048x1386.jpg 2048w\" sizes=\"(max-width: 1024px) 100vw, 1024px\" \/><\/figure>\n<\/div>\n\n\n\n<h3>Le mot du metteur en sc\u00e8ne: <em>\u00ab\u00a0Carnet de souvenirs\u00a0\u00bb<\/em><\/h3>\n\n\n\n<p><em>\u00ab\u00a0Quand Sylvia et Aur\u00e9lie m&rsquo;ont demand\u00e9 de les accompagner sur la mise en sc\u00e8ne de Bleu Br\u00e9sil et qu&rsquo;elles m&rsquo;ont pr\u00e9sent\u00e9 le projet, j&rsquo;ai imm\u00e9diatement pens\u00e9 \u00e0 des cartes postales, des fragments de souvenirs \u00e9voqu\u00e9s comme des pastilles ou des bulles d&rsquo;un voyage personnel.<br>Chacune a ressenti le Br\u00e9sil \u00e0 sa mani\u00e8re et elles se retrouvaient sur sc\u00e8ne pour partager leur voyage avec le public \u00e0 travers leurs instruments, leur musique mais aussi leurs mots. Il \u00e9tait essentiel de tisser un lien avec elles, de capter les anecdotes de leur voyage et les rencontres qu&rsquo;elles ont faites. La musique se nourrit de ces images et de ces odeurs, et il s&rsquo;agissait de trouver un \u00e9quilibre harmonieux entre elles. Le spectacle Bleu Br\u00e9sil s&rsquo;est construit sur un \u00e9change, un partage des exp\u00e9riences et des souvenirs de leurs voyages au Br\u00e9sil.<br>J&rsquo;ai utilis\u00e9 un r\u00e9troprojecteur pour projeter des illustrations dessin\u00e9es, des fresques visuelles qui permettaient de mieux percevoir le voyage, guidant ainsi le public \u00e0 travers ces images dans un univers de r\u00eaves et de souvenirs.\u00a0\u00bb<\/em><br>St\u00e9phane Lefranc<\/p>\n\n\n\n<div style=\"height:35px\" aria-hidden=\"true\" class=\"wp-block-spacer\"><\/div>\n\n\n\n<h3>Historique de la cr\u00e9ation<\/h3>\n\n\n\n<p>Nous avons commenc\u00e9 \u00e0 travailler sur le spectacle en septembre 2022. La cr\u00e9ation a d\u00e9marr\u00e9 avec la percussionniste Aur\u00e9lie Sureau en duo avec Sylvia Auclair. En octobre, nous avons eu la chance de mener des ateliers autour de la musique br\u00e9silienne dans un centre pour jeunes personnes autistes, dans le cadre d&rsquo;une r\u00e9sidence \u00ab\u00a0Rouvrir le monde\u00a0\u00bb financ\u00e9e par la Drac PACA, en partenariat avec Le Chantier de Correns. C&rsquo;est \u00e0 cette occasion que nous avons choisi d&rsquo;aborder le th\u00e8me de la mer. Dans le r\u00e9pertoire br\u00e9silien, c&rsquo;est un sujet tr\u00e8s pr\u00e9sent, qui inspire encore aujourd&rsquo;hui de nombreux.ses compositeur.ice.s.<br>Puis nous avons poursuivi le travail de l&rsquo;\u00e9criture musicale (textes et musique des chansons) et de r\u00e9p\u00e9tition. En juillet 2023 nous avons de nouveau men\u00e9 des ateliers dans un autre centre pour personnes autistes, et d\u00e9marr\u00e9 les premi\u00e8res restitutions publiques du spectacle encore en cr\u00e9ation. En novembre 2023, nous avons travaill\u00e9 au conservatoire de Brignoles avec St\u00e9phane Lefranc, metteur en sc\u00e8ne, qui nous a guid\u00e9es sur les textes parl\u00e9s, la direction d&rsquo;actrices et le corps en mouvement sur sc\u00e8ne.<br>Apr\u00e8s avoir jou\u00e9 une premi\u00e8re version du spectacle, nous avons d\u00e9cid\u00e9 de poursuivre le travail sc\u00e9nique. En novembre 2024 lors d&rsquo;une derni\u00e8re r\u00e9sidence au Cri du Port \u00e0 Marseille, nous avons de nouveau fait appel \u00e0 notre metteur en sc\u00e8ne, afin de mettre en place tous les \u00e9l\u00e9ments visuels du spectacle dans sa forme actuelle: tissu blanc et images projet\u00e9es, mouvements et textes. Fin 2024, c&rsquo;est la musicienne Andrea Caparros qui a pris le relais d&rsquo;Aur\u00e9lie pour poursuivre l&rsquo;aventure. Aujourd&rsquo;hui, le spectacle est jou\u00e9 en \u00e9coles, m\u00e9diath\u00e8ques, coll\u00e8ges, ou salles de spectacle.<\/p>\n\n\n\n<figure class=\"wp-block-image aligncenter size-large\"><img decoding=\"async\" loading=\"lazy\" width=\"1024\" height=\"601\" src=\"http:\/\/compagnieaufildeleau.com\/wp-content\/uploads\/2025\/03\/DSC02592-1024x601.jpg\" alt=\"\" class=\"wp-image-1427\" srcset=\"https:\/\/compagnieaufildeleau.com\/wp-content\/uploads\/2025\/03\/DSC02592-1024x601.jpg 1024w, https:\/\/compagnieaufildeleau.com\/wp-content\/uploads\/2025\/03\/DSC02592-300x176.jpg 300w, https:\/\/compagnieaufildeleau.com\/wp-content\/uploads\/2025\/03\/DSC02592-768x451.jpg 768w, https:\/\/compagnieaufildeleau.com\/wp-content\/uploads\/2025\/03\/DSC02592-1536x902.jpg 1536w, https:\/\/compagnieaufildeleau.com\/wp-content\/uploads\/2025\/03\/DSC02592-2048x1203.jpg 2048w\" sizes=\"(max-width: 1024px) 100vw, 1024px\" \/><\/figure>\n\n\n\n<div style=\"height:35px\" aria-hidden=\"true\" class=\"wp-block-spacer\"><\/div>\n\n\n\n<h3>Les partenaires du projet<\/h3>\n\n\n\n<p>&#8211; La Drac PACA via les dispositifs \u00ab\u00a0\u00e9t\u00e9 culturel 2022\u00a0\u00bb et \u00ab\u00a0\u00e9t\u00e9 culturel 2023\u00a0\u00bb <br>\u2013 Le D\u00e9partement du Var (aide \u00e0 la cr\u00e9ation 2022 et 2023)<br>&#8211; Le Chantier, centre de cr\u00e9ation des musiques du monde (partenariat, accueil en r\u00e9sidence)<br>\u2013 l&rsquo;Agglom\u00e9ration de la Provence Verte (aide \u00e0 la diffusion 2024)<br>\u2013 L&rsquo;EIMAD, conservatoire intercommunal de la Provence Verte \u00e0 Brignoles (accueil en r\u00e9sidence)<br>&#8211; Le Cri du Port \u00e0 Marseille (accueil en r\u00e9sidence)<\/p>\n\n\n\n<div class=\"is-nowrap is-layout-flex wp-container-7 wp-block-group alignwide\">\n<figure class=\"wp-block-image size-large\"><img decoding=\"async\" loading=\"lazy\" width=\"1024\" height=\"684\" src=\"http:\/\/compagnieaufildeleau.com\/wp-content\/uploads\/2025\/03\/DSC02233-1024x684.jpg\" alt=\"\" class=\"wp-image-1430\" srcset=\"https:\/\/compagnieaufildeleau.com\/wp-content\/uploads\/2025\/03\/DSC02233-1024x684.jpg 1024w, https:\/\/compagnieaufildeleau.com\/wp-content\/uploads\/2025\/03\/DSC02233-300x200.jpg 300w, https:\/\/compagnieaufildeleau.com\/wp-content\/uploads\/2025\/03\/DSC02233-768x513.jpg 768w, https:\/\/compagnieaufildeleau.com\/wp-content\/uploads\/2025\/03\/DSC02233-1536x1026.jpg 1536w, https:\/\/compagnieaufildeleau.com\/wp-content\/uploads\/2025\/03\/DSC02233-2048x1368.jpg 2048w\" sizes=\"(max-width: 1024px) 100vw, 1024px\" \/><\/figure>\n\n\n\n<figure class=\"wp-block-image size-large\"><img decoding=\"async\" loading=\"lazy\" width=\"1024\" height=\"684\" src=\"http:\/\/compagnieaufildeleau.com\/wp-content\/uploads\/2025\/03\/AndreaSylvia-BLEU-BRESIL-1024x684.jpg\" alt=\"\" class=\"wp-image-1431\" srcset=\"https:\/\/compagnieaufildeleau.com\/wp-content\/uploads\/2025\/03\/AndreaSylvia-BLEU-BRESIL-1024x684.jpg 1024w, https:\/\/compagnieaufildeleau.com\/wp-content\/uploads\/2025\/03\/AndreaSylvia-BLEU-BRESIL-300x200.jpg 300w, https:\/\/compagnieaufildeleau.com\/wp-content\/uploads\/2025\/03\/AndreaSylvia-BLEU-BRESIL-768x513.jpg 768w, https:\/\/compagnieaufildeleau.com\/wp-content\/uploads\/2025\/03\/AndreaSylvia-BLEU-BRESIL-1536x1026.jpg 1536w, https:\/\/compagnieaufildeleau.com\/wp-content\/uploads\/2025\/03\/AndreaSylvia-BLEU-BRESIL-2048x1368.jpg 2048w\" sizes=\"(max-width: 1024px) 100vw, 1024px\" \/><\/figure>\n<\/div>\n\n\n\n<h3>P\u00e9dagogie<\/h3>\n\n\n\n<p>Sylvia Auclair a \u00e9t\u00e9 form\u00e9e \u00e0 la p\u00e9dagogie collective, et est dipl\u00f4m\u00e9e du DUMI (Dipl\u00f4me Universitaire de Musicienne Intervenante). Elle anime r\u00e9guli\u00e8rement des ateliers aupr\u00e8s de groupes (enfants notamment), au sein d&rsquo;associations, conservatoires et autres structures publiques et priv\u00e9es, dans des \u00e9coles, ou en marge de ses spectacles.<br>Lors de la cr\u00e9ation de Bleu Br\u00e9sil, toutes les r\u00e9sidences ont donn\u00e9 lieu \u00e0 des ateliers, restitutions ou actions de m\u00e9diation (IME, \u00e9coles, foyer). Ces aller-retours entre l&rsquo;artistique et la p\u00e9dagogie enrichissent autant les participants que les artistes, qui s&rsquo;appuient sur ce qu&rsquo;il se passe en atelier pour cr\u00e9er de la nouvelle mati\u00e8re et nourrir la cr\u00e9ation. Les artistes souhaitent poursuivre dans ce sens et proposer au spectateur de d\u00e9couvrir autant par l&rsquo;\u00e9coute (assister \u00e0 une repr\u00e9sentation, une r\u00e9p\u00e9tition) que par la pratique.<br><br>Voici des exemples d&rsquo;ateliers propos\u00e9s dans le cadre du spectacle:<br>&#8211; apprentissage d&rsquo;un chant du r\u00e9pertoire (adaptation de la difficult\u00e9 du chant en fonction du public)<br>&#8211; travail autour des rythmes br\u00e9siliens (percussions corporelles, voire instruments de percussion selon le lieu)<br>&#8211; travail musical autour de la mer (sons de l&rsquo;eau, paysages sonores, chants, fabrication d&rsquo;instruments avec de l&rsquo;eau, du sable ou des coquillages)<br>Nous pouvons \u00e9galement \u00e9laborer un atelier sur mesure, en fonction des projets et profils des publics.<\/p>\n\n\n\n<div style=\"height:35px\" aria-hidden=\"true\" class=\"wp-block-spacer\"><\/div>\n\n\n\n<h3>Teaser du spectacle BLEU BRESIL<\/h3>\n\n\n<div class=\"ast-oembed-container\" style=\"height: 100%;\"><iframe loading=\"lazy\" title=\"BLEU BRESIL - teaser\" width=\"500\" height=\"281\" src=\"https:\/\/www.youtube.com\/embed\/vckqV4l4LCw?feature=oembed\" frameborder=\"0\" allow=\"accelerometer; autoplay; clipboard-write; encrypted-media; gyroscope; picture-in-picture; web-share\" referrerpolicy=\"strict-origin-when-cross-origin\" allowfullscreen><\/iframe><\/div>\n\n\n\n<div style=\"height:35px\" aria-hidden=\"true\" class=\"wp-block-spacer\"><\/div>\n\n\n\n<h3>Mini vid\u00e9os<\/h3>\n\n\n\n<div class=\"is-layout-flex wp-container-10 wp-block-columns\">\n<div class=\"is-layout-flow wp-block-column\">\n<figure class=\"wp-block-embed is-type-video is-provider-youtube wp-block-embed-youtube wp-embed-aspect-16-9 wp-has-aspect-ratio\"><div class=\"wp-block-embed__wrapper\">\n<div class=\"ast-oembed-container\" style=\"height: 100%;\"><iframe loading=\"lazy\" title=\"BLEU BRESIL - chansons br\u00e9siliennes d&#039;\u00e9cume et de sel\" width=\"500\" height=\"281\" src=\"https:\/\/www.youtube.com\/embed\/9J97_UQAZkI?feature=oembed\" frameborder=\"0\" allow=\"accelerometer; autoplay; clipboard-write; encrypted-media; gyroscope; picture-in-picture; web-share\" referrerpolicy=\"strict-origin-when-cross-origin\" allowfullscreen><\/iframe><\/div>\n<\/div><\/figure>\n<\/div>\n\n\n\n<div class=\"is-layout-flow wp-block-column\">\n<figure class=\"wp-block-embed is-type-video is-provider-youtube wp-block-embed-youtube wp-embed-aspect-16-9 wp-has-aspect-ratio\"><div class=\"wp-block-embed__wrapper\">\n<div class=\"ast-oembed-container\" style=\"height: 100%;\"><iframe loading=\"lazy\" title=\"BLEU BRESIL - chansons br\u00e9siliennes d&#039;\u00e9cume et de sel\" width=\"500\" height=\"281\" src=\"https:\/\/www.youtube.com\/embed\/nMWevaX3bME?feature=oembed\" frameborder=\"0\" allow=\"accelerometer; autoplay; clipboard-write; encrypted-media; gyroscope; picture-in-picture; web-share\" referrerpolicy=\"strict-origin-when-cross-origin\" allowfullscreen><\/iframe><\/div>\n<\/div><\/figure>\n<\/div>\n<\/div>\n\n\n\n<p><em>Toutes les vid\u00e9os ont \u00e9t\u00e9 r\u00e9alis\u00e9es par Caroline Boghossian<\/em><br><em>Tournage en mars 2025 \u00e0 Correns<\/em><\/p>\n\n\n\n<div style=\"height:35px\" aria-hidden=\"true\" class=\"wp-block-spacer\"><\/div>\n\n\n\n<h3>Dossier de pr\u00e9sentation du spectacle<\/h3>\n\n\n\n<div class=\"is-content-justification-center is-layout-flex wp-container-11 wp-block-buttons\">\n<div class=\"wp-block-button\"><a class=\"wp-block-button__link has-vivid-cyan-blue-background-color has-background wp-element-button\" href=\"https:\/\/drive.google.com\/file\/d\/1LzxhJzcSOXWD0P5hzww3G0CYhuNzFizI\/view?usp=share_link\" target=\"_blank\" rel=\"noreferrer noopener\">Dossier de pr\u00e9sentation du spectacle<\/a><\/div>\n<\/div>\n\n\n\n<div style=\"height:35px\" aria-hidden=\"true\" class=\"wp-block-spacer\"><\/div>\n\n\n\n<h3>Bon voyage avec Bleu Br\u00e9sil!<\/h3>\n\n\n\n<figure class=\"wp-block-image aligncenter size-large\"><img decoding=\"async\" loading=\"lazy\" width=\"1024\" height=\"653\" src=\"http:\/\/compagnieaufildeleau.com\/wp-content\/uploads\/2025\/03\/DSC02452-1024x653.jpg\" alt=\"\" class=\"wp-image-1429\" srcset=\"https:\/\/compagnieaufildeleau.com\/wp-content\/uploads\/2025\/03\/DSC02452-1024x653.jpg 1024w, https:\/\/compagnieaufildeleau.com\/wp-content\/uploads\/2025\/03\/DSC02452-300x191.jpg 300w, https:\/\/compagnieaufildeleau.com\/wp-content\/uploads\/2025\/03\/DSC02452-768x489.jpg 768w, https:\/\/compagnieaufildeleau.com\/wp-content\/uploads\/2025\/03\/DSC02452-1536x979.jpg 1536w, https:\/\/compagnieaufildeleau.com\/wp-content\/uploads\/2025\/03\/DSC02452-2048x1305.jpg 2048w\" sizes=\"(max-width: 1024px) 100vw, 1024px\" \/><\/figure>\n\n\n\n<div style=\"height:35px\" aria-hidden=\"true\" class=\"wp-block-spacer\"><\/div>\n\n\n\n<p><em>Cr\u00e9dit photos: Caroline Boghossian<\/em><\/p>\n\n\n\n<div class=\"is-layout-flex wp-container-13 wp-block-columns\">\n<div class=\"is-layout-flow wp-block-column\"><\/div>\n<\/div>\n","protected":false},"excerpt":{"rendered":"<p>Quand No\u00ebl s&#8217;emballe Spectacle musical inspir\u00e9 de l&rsquo;Affaire No\u00ebl de G\u00e9rard MoncombleCr\u00e9ation 2021Dur\u00e9e : 40 minutesPublic : pour les enfants (\u00e0 partir de 3 ans) et les adultes qui les accompagnentDirection artistique : Sylvia AuclairDistribution : Sylvia Auclair, Rapha\u00ebl Illes, Olivier RonfardSc\u00e9nographie : Isabelle Cagnard, Aude VanhoutteMise en sc\u00e8ne : Olivier C\u00e9saro, Cyrielle Denante Synopsis &hellip;<\/p>\n<p class=\"read-more\"> <a class=\"\" href=\"https:\/\/compagnieaufildeleau.com\/index.php\/spectacles-musicaux\/\"> <span class=\"screen-reader-text\">Spectacles musicaux<\/span> Lire la suite\u00a0\u00bb<\/a><\/p>\n","protected":false},"author":1,"featured_media":0,"parent":0,"menu_order":2,"comment_status":"closed","ping_status":"closed","template":"","meta":{"site-sidebar-layout":"default","site-content-layout":"default","ast-global-header-display":"","ast-main-header-display":"","ast-hfb-above-header-display":"","ast-hfb-below-header-display":"","ast-hfb-mobile-header-display":"","site-post-title":"","ast-breadcrumbs-content":"","ast-featured-img":"","footer-sml-layout":"","theme-transparent-header-meta":"","adv-header-id-meta":"","stick-header-meta":"","header-above-stick-meta":"","header-main-stick-meta":"","header-below-stick-meta":""},"_links":{"self":[{"href":"https:\/\/compagnieaufildeleau.com\/index.php\/wp-json\/wp\/v2\/pages\/25"}],"collection":[{"href":"https:\/\/compagnieaufildeleau.com\/index.php\/wp-json\/wp\/v2\/pages"}],"about":[{"href":"https:\/\/compagnieaufildeleau.com\/index.php\/wp-json\/wp\/v2\/types\/page"}],"author":[{"embeddable":true,"href":"https:\/\/compagnieaufildeleau.com\/index.php\/wp-json\/wp\/v2\/users\/1"}],"replies":[{"embeddable":true,"href":"https:\/\/compagnieaufildeleau.com\/index.php\/wp-json\/wp\/v2\/comments?post=25"}],"version-history":[{"count":267,"href":"https:\/\/compagnieaufildeleau.com\/index.php\/wp-json\/wp\/v2\/pages\/25\/revisions"}],"predecessor-version":[{"id":1449,"href":"https:\/\/compagnieaufildeleau.com\/index.php\/wp-json\/wp\/v2\/pages\/25\/revisions\/1449"}],"wp:attachment":[{"href":"https:\/\/compagnieaufildeleau.com\/index.php\/wp-json\/wp\/v2\/media?parent=25"}],"curies":[{"name":"wp","href":"https:\/\/api.w.org\/{rel}","templated":true}]}}